{"id":1575,"date":"2025-10-20T19:09:46","date_gmt":"2025-10-20T19:09:46","guid":{"rendered":"https:\/\/p7globaloffice.berlin\/home\/"},"modified":"2026-04-28T10:52:08","modified_gmt":"2026-04-28T10:52:08","slug":"home","status":"publish","type":"page","link":"https:\/\/p7globaloffice.berlin\/en\/","title":{"rendered":"Home"},"content":{"rendered":"\n<section class=\"wp-block-sw-hero alignfull sw-banner sw-banner--general\"><div class=\"mx-auto max-w-7xl px-4 py-16 sm:px-6 sm:py-24 lg:px-8 lg:py-28\"><div class=\"grid items-center gap-12 lg:grid-cols-12 lg:gap-10 xl:gap-16\"><div class=\"lg:col-span-7\"><div class=\"flex max-w-2xl flex-col items-start text-left\"><h1 class=\"sw-banner__title text-4xl font-bold tracking-tight sm:text-5xl xl:text-6xl\"><span>Business Address, Meeting Rooms &amp; Event Spaces in<\/span> <strong class=\"sw-banner__highlight\"><span>Berlin-Mitte<\/span><\/strong> <span><\/span><\/h1><div class=\"sw-banner__text sw-text-editor mt-6 max-w-2xl text-base text-pretty sm:text-lg\/relaxed lg:text-xl\/relaxed\">Registered business address from \u20ac39\/month. A few minutes from Alexanderplatz. <\/div><div class=\"mt-4 flex justify-start gap-4 sm:mt-6 flex-wrap\"><a class=\"sw-action-button sw-banner__button sw-banner__button--primary\" data-sw-button=\"primary\" href=\"https:\/\/p7globaloffice.berlin\/en\/virtual-office\/\">Secure Business Address<\/a><\/div><\/div><\/div><div class=\"lg:col-span-5\"><div class=\"sw-banner__visual-card\"><img decoding=\"async\" class=\"sw-banner__visual\" src=\"https:\/\/p7globaloffice.berlin\/wp-content\/uploads\/2025\/11\/bannerbild.jpg\" alt=\"\"><\/div><\/div><\/div><\/div><\/section>\n\n<section class=\"wp-block-sw-text alignfull\" data-sw-color-set=\"general\"><div class=\"mx-auto max-w-7xl px-4 sm:px-6 lg:px-8\"><div class=\"w-full\"><h2 class=\"sw-section-heading\">Welcome to P7 Global Office Berlin<\/h2><div class=\"sw-text sw-text-editor mt-4 text-pretty\">At P7 Global Office Berlin, you combine professional infrastructure with a central location in Berlin-Mitte. Whether it&#8217;s a registered business address, a meeting room for client appointments, or an event space for your workshop \u2013 you&#8217;ll find everything under one roof. Our location at Prenzlauer Allee 7, just a few minutes from Alexanderplatz, stands for visibility, professionalism, and excellent accessibility.  <\/div><\/div><\/div><\/section>\n\n<section class=\"wp-block-sw-link-boxes alignfull\" data-sw-color-set=\"general\"><div class=\"mx-auto max-w-7xl px-4 sm:px-6 lg:px-8\"><div class=\"mx-auto max-w-xl text-center\"><h2 class=\"sw-section-heading\">Drei Leistungen, ein Standort<\/h2><\/div><div class=\"mt-10 flex flex-wrap justify-center gap-8\"><div class=\"w-full max-w-xl md:max-w-none md:basis-[calc(50%-1rem)] lg:basis-[calc((100%-4rem)\/3)]\"><article class=\"sw-card sw-link-box-card sw-link-box-card--image flex h-full w-full flex-col overflow-hidden rounded-lg\"><img decoding=\"async\" alt=\"\" src=\"https:\/\/p7globaloffice.berlin\/wp-content\/uploads\/2025\/12\/DSC01011-2-1-scaled.jpg\" class=\"sw-link-box-card__image h-56 w-full object-cover\"\/><div class=\"sw-card-content sw-link-box-card__content flex flex-1 flex-col\"><a href=\"\/?page_id=691\"><h3 class=\"sw-card-title sw-link-box-card__title\">Virtuelles B\u00fcro &amp; Gesch\u00e4ftsadresse<\/h3><\/a><div class=\"sw-text-muted sw-text-editor sw-link-box-card__text mt-2 line-clamp-3 text-sm\/relaxed\">Repr\u00e4sentative Gesch\u00e4ftsanschrift in Berlin-Mitte \u2013 ladungsf\u00e4hig f\u00fcr Handelsregister, Gewerbeanmeldung und Finanzamt. Inklusive w\u00f6chentlicher Postannahme und Firmenschild.<br><br>ab 39 \u20ac\/Monat<\/div><a href=\"\/?page_id=691\" class=\"sw-link-cta sw-link-box-card__cta mt-auto pt-4\"><span>Mehr erfahren<\/span><span aria-hidden=\"true\" class=\"sw-link-cta__icon\">\u2192<\/span><\/a><\/div><\/article><\/div><div class=\"w-full max-w-xl md:max-w-none md:basis-[calc(50%-1rem)] lg:basis-[calc((100%-4rem)\/3)]\"><article class=\"sw-card sw-link-box-card sw-link-box-card--image flex h-full w-full flex-col overflow-hidden rounded-lg\"><img decoding=\"async\" alt=\"\" src=\"https:\/\/p7globaloffice.berlin\/wp-content\/uploads\/2026\/01\/DSC00889-scaled.jpg\" class=\"sw-link-box-card__image h-56 w-full object-cover\"\/><div class=\"sw-card-content sw-link-box-card__content flex flex-1 flex-col\"><a href=\"\/?page_id=681\"><h3 class=\"sw-card-title sw-link-box-card__title\">Meetingr\u00e4ume &amp; Konferenzr\u00e4ume<\/h3><\/a><div class=\"sw-text-muted sw-text-editor sw-link-box-card__text mt-2 line-clamp-3 text-sm\/relaxed\">Moderner Meetingraum am Alexanderplatz mit Smartboard, Highspeed-WLAN und Getr\u00e4nken inklusive. Stunden- oder tageweise buchbar.<br><br>ab 49 \u20ac\/Stunde<\/div><a href=\"\/?page_id=681\" class=\"sw-link-cta sw-link-box-card__cta mt-auto pt-4\"><span>Mehr erfahren<\/span><span aria-hidden=\"true\" class=\"sw-link-cta__icon\">\u2192<\/span><\/a><\/div><\/article><\/div><div class=\"w-full max-w-xl md:max-w-none md:basis-[calc(50%-1rem)] lg:basis-[calc((100%-4rem)\/3)]\"><article class=\"sw-card sw-link-box-card sw-link-box-card--image flex h-full w-full flex-col overflow-hidden rounded-lg\"><img decoding=\"async\" alt=\"\" src=\"https:\/\/p7globaloffice.berlin\/wp-content\/uploads\/2025\/12\/DSC00809-scaled.jpg\" class=\"sw-link-box-card__image h-56 w-full object-cover\"\/><div class=\"sw-card-content sw-link-box-card__content flex flex-1 flex-col\"><a href=\"\/?page_id=522\"><h3 class=\"sw-card-title sw-link-box-card__title\">Eventfl\u00e4chen &amp; Workshopr\u00e4ume<\/h3><\/a><div class=\"sw-text-muted sw-text-editor sw-link-box-card__text mt-2 line-clamp-3 text-sm\/relaxed\">Stilvolle R\u00e4ume f\u00fcr Firmenevents, Workshops, Seminare, Coachings und Networking. Flexible Bestuhlung und Technik inklusive.<br><br>ab 75 \u20ac<\/div><a href=\"\/?page_id=522\" class=\"sw-link-cta sw-link-box-card__cta mt-auto pt-4\"><span>Mehr erfahren<\/span><span aria-hidden=\"true\" class=\"sw-link-cta__icon\">\u2192<\/span><\/a><\/div><\/article><\/div><\/div><\/div><\/section>\n\n<section class=\"wp-block-sw-text alignfull\" data-sw-color-set=\"general\"><div class=\"mx-auto max-w-7xl px-4 sm:px-6 lg:px-8\"><div class=\"w-full\"><h2 class=\"sw-section-heading\">Why P7 Global Office Berlin<\/h2><h4 class=\"sw-text-subheading\">More than an office \u2013 a statement.<\/h4><div class=\"sw-text sw-text-editor mt-4 text-pretty\"><ul><li>Central location at Prenzlauer Allee 7, a few minutes from Alexanderplatz<\/li><li>Three combinable services under one address<\/li><li>50% discount on meeting rooms for address tenants<\/li><li>Transparent pricing, no hidden costs<\/li><li>Cancellable monthly possible<\/li><li data-rich-text-format-boundary=\"true\">Modern ambiance with professional equipment<\/li><li>Ideal for startups, freelancers, agencies, and companies<\/li><\/ul><\/div><\/div><\/div><\/section>\n\n<section class=\"wp-block-sw-pricing alignfull\" data-sw-color-set=\"general\"><div class=\"mx-auto max-w-7xl px-4 sm:px-6 lg:px-8\"><div class=\"mx-auto max-w-3xl text-center\"><h2 class=\"sw-section-heading\">Prices &amp; Packages at a Glance<\/h2><div class=\"sw-section-description sw-text-editor\"><\/div><\/div><div class=\"sw-pricing-grid mt-12\"><div class=\"sw-pricing-row\"><article class=\"sw-pricing-card\"><h3 class=\"sw-pricing-card__title\">Business Address \/ Registered Office<\/h3><p class=\"sw-pricing-card__price\">from \u20ac39\/month<\/p><div class=\"sw-pricing-card__text sw-text-editor\">Representative business address incl. optional additional services. <\/div><a class=\"sw-action-button sw-action-button--fill mt-auto\" href=\"https:\/\/p7globaloffice.berlin\/en\/virtual-office\/\"><span>Learn more<\/span><\/a><\/article><article class=\"sw-pricing-card\"><h3 class=\"sw-pricing-card__title\">Meeting &amp; Conference Room<\/h3><p class=\"sw-pricing-card__price\">from \u20ac49\/hour<\/p><div class=\"sw-pricing-card__text sw-text-editor\">Incl. service package. Flexible booking for meetings and presentations.  <\/div><a class=\"sw-action-button sw-action-button--fill mt-auto\" href=\"https:\/\/p7globaloffice.berlin\/en\/meeting-room\/\"><span>Learn more<\/span><\/a><\/article><\/div><div class=\"sw-pricing-row\"><article class=\"sw-pricing-card\"><h3 class=\"sw-pricing-card__title\">Event Room &amp; Lounge<\/h3><p class=\"sw-pricing-card__price\">from \u20ac120<\/p><div class=\"sw-pricing-card__text sw-text-editor\">Ideal for business events, workshops, and exclusive events.<\/div><a class=\"sw-action-button sw-action-button--fill mt-auto\" href=\"https:\/\/p7globaloffice.berlin\/en\/events-workshops\/\"><span>Learn more<\/span><\/a><\/article><article class=\"sw-pricing-card\"><h3 class=\"sw-pricing-card__title\">Workshops, Seminars &amp; Coaching<\/h3><p class=\"sw-pricing-card__price\">from \u20ac79<\/p><div class=\"sw-pricing-card__text sw-text-editor\">Professional rooms for seminars, coaching, and training sessions.<\/div><a class=\"sw-action-button sw-action-button--fill mt-auto\" href=\"https:\/\/p7globaloffice.berlin\/en\/events-workshops\/\"><span>Learn more<\/span><\/a><\/article><\/div><\/div><div class=\"sw-pricing-footer mx-auto mt-12 max-w-2xl text-center\"><div class=\"sw-section-description sw-text-editor\"><\/div><\/div><\/div><\/section>\n\n<section class=\"wp-block-sw-text-media alignfull\" data-sw-color-set=\"general\"><div class=\"mx-auto max-w-7xl px-4 sm:px-6 lg:px-8\"><div class=\"sw-text-media sw-text-media--image-right grid grid-cols-1 gap-4 md:grid-cols-2 md:gap-8\"><div class=\"sw-text-media__image-group flex flex-col gap-4 md:order-2\"><div class=\"sw-text-media__heading-wrapper\"><h2 class=\"sw-text-media__heading sw-heading text-2xl font-semibold sm:text-3xl\">Standort in Berlin-Mitte<\/h2><\/div><div class=\"sw-text-media__media\"><img decoding=\"async\" src=\"https:\/\/p7globaloffice.berlin\/wp-content\/uploads\/2025\/12\/DSC00854-scaled.jpg\" class=\"sw-text-media__image h-full w-full rounded object-cover\" alt=\"\"\/><\/div><\/div><div class=\"sw-text-media__text md:order-1 md:flex md:flex-col md:justify-center\"><div class=\"sw-text-media__text-inner max-w-prose md:max-w-none\"><div class=\"sw-text sw-text-editor mt-4 text-pretty\">Unser Standort liegt in der Prenzlauer Allee 7, 10405 Berlin \u2013 an der Schnittstelle zwischen Berlin-Mitte und Prenzlauer Berg. Vom Alexanderplatz erreichen Sie uns in wenigen Minuten mit der Tram (M2, M4, M5).<br data-rich-text-line-break=\"true\"><br data-rich-text-line-break=\"true\"><ul><li>Tram M2, M4, M5 \u2013 Haltestelle Mollstra\u00dfe\/Prenzlauer Allee<\/li><li data-rich-text-format-boundary=\"true\">Mit dem Auto \u00fcber B2\/B5<\/li><li>10 Minuten zu Fu\u00df vom Alexanderplatz<\/li><li>Parkpl\u00e4tze und Parkh\u00e4user im Umfeld<\/li><\/ul><\/div><div class=\"sw-text__actions mt-8 flex flex-wrap gap-4\"><a class=\"sw-action-button sw-text__button sw-text__button--primary\" data-sw-button=\"primary\" href=\"\/?page_id=444\">Anfahrt &amp; Kontakt<\/a><\/div><\/div><\/div><\/div><\/div><\/section>\n\n<section class=\"wp-block-sw-accordion alignfull\" data-sw-color-set=\"general\"><div class=\"mx-auto max-w-7xl px-4 sm:px-6 lg:px-8\"><div class=\"mx-auto mb-12 max-w-3xl text-center\"><h2 class=\"sw-section-heading\">Frequently Asked Questions<\/h2><\/div><div class=\"flow-root\"><div class=\"sw-border -my-4 flex flex-col divide-y\"><details class=\"group py-4 [&amp;_summary::-webkit-details-marker]:hidden\" open=\"\"><summary class=\"sw-heading flex items-center justify-between gap-1.5\"><h2 class=\"text-lg font-medium\">Where is P7 Global Office located?<\/h2><svg class=\"size-5 shrink-0 transition-transform duration-300 group-open:-rotate-180\" xmlns=\"http:\/\/www.w3.org\/2000\/svg\" fill=\"none\" viewbox=\"0 0 24 24\" stroke=\"currentColor\"><path stroke-linecap=\"round\" stroke-linejoin=\"round\" stroke-width=\"2\" d=\"M19 9l-7 7-7-7\"><\/path><\/svg><\/summary><div><div class=\"sw-text sw-text-editor pt-4\">Prenzlauer Allee 7, 10405 Berlin \u2013 a few minutes from Alexanderplatz, accessible by tram M2, M4, and M5.<\/div><\/div><\/details><details class=\"group py-4 [&amp;_summary::-webkit-details-marker]:hidden\"><summary class=\"sw-heading flex items-center justify-between gap-1.5\"><h2 class=\"text-lg font-medium\">Can I combine a business address and a meeting room?<\/h2><svg class=\"size-5 shrink-0 transition-transform duration-300 group-open:-rotate-180\" xmlns=\"http:\/\/www.w3.org\/2000\/svg\" fill=\"none\" viewbox=\"0 0 24 24\" stroke=\"currentColor\"><path stroke-linecap=\"round\" stroke-linejoin=\"round\" stroke-width=\"2\" d=\"M19 9l-7 7-7-7\"><\/path><\/svg><\/summary><div><div class=\"sw-text sw-text-editor pt-4\">Yes. As a tenant of our business address, you receive a 50% discount on all meeting room bookings. <\/div><\/div><\/details><details class=\"group py-4 [&amp;_summary::-webkit-details-marker]:hidden\"><summary class=\"sw-heading flex items-center justify-between gap-1.5\"><h2 class=\"text-lg font-medium\">Are the contracts flexible?<\/h2><svg class=\"size-5 shrink-0 transition-transform duration-300 group-open:-rotate-180\" xmlns=\"http:\/\/www.w3.org\/2000\/svg\" fill=\"none\" viewbox=\"0 0 24 24\" stroke=\"currentColor\"><path stroke-linecap=\"round\" stroke-linejoin=\"round\" stroke-width=\"2\" d=\"M19 9l-7 7-7-7\"><\/path><\/svg><\/summary><div><div class=\"sw-text sw-text-editor pt-4\">The Flex package is cancellable monthly. Meeting and event rooms can be booked without a contract. <\/div><\/div><\/details><details class=\"group py-4 [&amp;_summary::-webkit-details-marker]:hidden\"><summary class=\"sw-heading flex items-center justify-between gap-1.5\"><h2 class=\"text-lg font-medium\">Which rooms are suitable for my format?<\/h2><svg class=\"size-5 shrink-0 transition-transform duration-300 group-open:-rotate-180\" xmlns=\"http:\/\/www.w3.org\/2000\/svg\" fill=\"none\" viewbox=\"0 0 24 24\" stroke=\"currentColor\"><path stroke-linecap=\"round\" stroke-linejoin=\"round\" stroke-width=\"2\" d=\"M19 9l-7 7-7-7\"><\/path><\/svg><\/summary><div><div class=\"sw-text sw-text-editor pt-4\">For smaller meetings, the meeting room; for workshops and corporate events, the event and workshop rooms.<\/div><\/div><\/details><\/div><\/div><\/div><\/section>\n\n<section class=\"wp-block-sw-cta alignfull\" data-sw-color-set=\"general\"><div class=\"mx-auto max-w-7xl px-4 sm:px-6 lg:px-8\"><div class=\"grid grid-cols-1 gap-6 md:grid-cols-[1.15fr_.85fr]\"><div class=\"sw-cta-panel rounded-[2rem] p-8 shadow-sm md:p-12 lg:px-16 lg:py-24\"><div class=\"max-w-xl\"><h2 class=\"sw-section-heading\">Speak with us<\/h2><div class=\"sw-text sw-text-editor mt-4 text-pretty sm:block\">Do you have questions or would you like to view the rooms on-site? Call us or write to us \u2013 we will get back to you promptly. <\/div><div class=\"mt-4 md:mt-8\"><a href=\"https:\/\/p7globaloffice.berlin\/en\/contact\/\" class=\"sw-action-button sw-cta-button\"><span>Send Message<\/span><\/a><\/div><\/div><\/div><div class=\"grid grid-cols-2 gap-4 md:grid-cols-1 lg:grid-cols-2\"><img decoding=\"async\" alt=\"\" src=\"https:\/\/p7globaloffice.berlin\/wp-content\/uploads\/2025\/12\/95282c49-507a-4820-b8ac-1cf411b906e4.jpg\" class=\"sw-cta-media h-48 w-full rounded-[2rem] object-cover sm:h-56 md:h-full\"><img decoding=\"async\" alt=\"\" src=\"https:\/\/p7globaloffice.berlin\/wp-content\/uploads\/2025\/12\/WhatsApp-Image-2025-12-08-at-11.51.24-1-1.jpeg\" class=\"sw-cta-media h-48 w-full rounded-[2rem] object-cover sm:h-56 md:h-full\"><\/div><\/div><\/div><\/section>\n","protected":false},"excerpt":{"rendered":"","protected":false},"author":1,"featured_media":0,"parent":0,"menu_order":0,"comment_status":"closed","ping_status":"closed","template":"","meta":{"footnotes":""},"class_list":["post-1575","page","type-page","status-publish","hentry"],"yoast_head":"<!-- This site is optimized with the Yoast SEO plugin v27.5 - https:\/\/yoast.com\/product\/yoast-seo-wordpress\/ -->\n<title>Business Address, Meeting Rooms &amp; Events Berlin-Mitte | P7<\/title>\n<meta name=\"description\" content=\"Representative business address, modern meeting rooms and stylish event spaces in Berlin-Mitte \u2013 just minutes from Alexanderplatz. From \u20ac39\/month.\" \/>\n<meta name=\"robots\" content=\"index, follow, max-snippet:-1, max-image-preview:large, max-video-preview:-1\" \/>\n<link rel=\"canonical\" href=\"https:\/\/p7globaloffice.berlin\/en\/\" \/>\n<meta property=\"og:locale\" content=\"en_US\" \/>\n<meta property=\"og:type\" content=\"article\" \/>\n<meta property=\"og:title\" content=\"P7 Global Office Berlin \u2013 Business Address, Meetings &amp; Events\" \/>\n<meta property=\"og:description\" content=\"Three services under one address in Berlin-Mitte: business address from \u20ac39, meeting rooms from \u20ac49\/h, event spaces for workshops &amp; corporate events.\" \/>\n<meta property=\"og:url\" content=\"https:\/\/p7globaloffice.berlin\/en\/\" \/>\n<meta property=\"og:site_name\" content=\"P7 Global Office Berlin\" \/>\n<meta property=\"article:modified_time\" content=\"2026-04-28T10:52:08+00:00\" \/>\n<meta property=\"og:image\" content=\"https:\/\/p7globaloffice.berlin\/wp-content\/uploads\/2025\/11\/bannerbild-1024x683.jpg\" \/>\n<meta name=\"twitter:card\" content=\"summary_large_image\" \/>\n<meta name=\"twitter:title\" content=\"Business Address, Meetings &amp; Events Berlin-Mitte\" \/>\n<meta name=\"twitter:description\" content=\"Registered address, conference rooms &amp; event spaces at Alexanderplatz. From \u20ac39\/month.\" \/>\n<meta name=\"twitter:image\" content=\"https:\/\/p7globaloffice.berlin\/wp-content\/uploads\/2025\/11\/bannerbild-1024x683.jpg\" \/>\n<meta name=\"twitter:label1\" content=\"Est. reading time\" \/>\n\t<meta name=\"twitter:data1\" content=\"2 minutes\" \/>\n<script type=\"application\/ld+json\" class=\"yoast-schema-graph\">{\"@context\":\"https:\\\/\\\/schema.org\",\"@graph\":[{\"@type\":\"WebPage\",\"@id\":\"https:\\\/\\\/p7globaloffice.berlin\\\/en\\\/\",\"url\":\"https:\\\/\\\/p7globaloffice.berlin\\\/en\\\/\",\"name\":\"Business Address, Meeting Rooms & Events Berlin-Mitte | P7\",\"isPartOf\":{\"@id\":\"https:\\\/\\\/p7globaloffice.berlin\\\/en\\\/#website\"},\"primaryImageOfPage\":{\"@id\":\"https:\\\/\\\/p7globaloffice.berlin\\\/en\\\/#primaryimage\"},\"image\":{\"@id\":\"https:\\\/\\\/p7globaloffice.berlin\\\/en\\\/#primaryimage\"},\"thumbnailUrl\":\"https:\\\/\\\/p7globaloffice.berlin\\\/wp-content\\\/uploads\\\/2025\\\/11\\\/bannerbild.jpg\",\"datePublished\":\"2025-10-20T19:09:46+00:00\",\"dateModified\":\"2026-04-28T10:52:08+00:00\",\"description\":\"Representative business address, modern meeting rooms and stylish event spaces in Berlin-Mitte \u2013 just minutes from Alexanderplatz. From \u20ac39\\\/month.\",\"breadcrumb\":{\"@id\":\"https:\\\/\\\/p7globaloffice.berlin\\\/en\\\/#breadcrumb\"},\"inLanguage\":\"en-US\",\"potentialAction\":[{\"@type\":\"ReadAction\",\"target\":[\"https:\\\/\\\/p7globaloffice.berlin\\\/en\\\/\"]}]},{\"@type\":\"ImageObject\",\"inLanguage\":\"en-US\",\"@id\":\"https:\\\/\\\/p7globaloffice.berlin\\\/en\\\/#primaryimage\",\"url\":\"https:\\\/\\\/p7globaloffice.berlin\\\/wp-content\\\/uploads\\\/2025\\\/11\\\/bannerbild.jpg\",\"contentUrl\":\"https:\\\/\\\/p7globaloffice.berlin\\\/wp-content\\\/uploads\\\/2025\\\/11\\\/bannerbild.jpg\"},{\"@type\":\"BreadcrumbList\",\"@id\":\"https:\\\/\\\/p7globaloffice.berlin\\\/en\\\/#breadcrumb\",\"itemListElement\":[{\"@type\":\"ListItem\",\"position\":1,\"name\":\"Start\",\"item\":\"https:\\\/\\\/p7globaloffice.berlin\\\/en\\\/\"},{\"@type\":\"ListItem\",\"position\":2,\"name\":\"Home\"}]},{\"@type\":\"WebSite\",\"@id\":\"https:\\\/\\\/p7globaloffice.berlin\\\/en\\\/#website\",\"url\":\"https:\\\/\\\/p7globaloffice.berlin\\\/en\\\/\",\"name\":\"P7 Global Office Berlin\",\"description\":\"\",\"potentialAction\":[{\"@type\":\"SearchAction\",\"target\":{\"@type\":\"EntryPoint\",\"urlTemplate\":\"https:\\\/\\\/p7globaloffice.berlin\\\/en\\\/?s={search_term_string}\"},\"query-input\":{\"@type\":\"PropertyValueSpecification\",\"valueRequired\":true,\"valueName\":\"search_term_string\"}}],\"inLanguage\":\"en-US\"}]}<\/script>\n<!-- \/ Yoast SEO plugin. -->","yoast_head_json":{"title":"Business Address, Meeting Rooms & Events Berlin-Mitte | P7","description":"Representative business address, modern meeting rooms and stylish event spaces in Berlin-Mitte \u2013 just minutes from Alexanderplatz. From \u20ac39\/month.","robots":{"index":"index","follow":"follow","max-snippet":"max-snippet:-1","max-image-preview":"max-image-preview:large","max-video-preview":"max-video-preview:-1"},"canonical":"https:\/\/p7globaloffice.berlin\/en\/","og_locale":"en_US","og_type":"article","og_title":"P7 Global Office Berlin \u2013 Business Address, Meetings & Events","og_description":"Three services under one address in Berlin-Mitte: business address from \u20ac39, meeting rooms from \u20ac49\/h, event spaces for workshops & corporate events.","og_url":"https:\/\/p7globaloffice.berlin\/en\/","og_site_name":"P7 Global Office Berlin","article_modified_time":"2026-04-28T10:52:08+00:00","og_image":[{"url":"https:\/\/p7globaloffice.berlin\/wp-content\/uploads\/2025\/11\/bannerbild-1024x683.jpg","type":"","width":"","height":""}],"twitter_card":"summary_large_image","twitter_title":"Business Address, Meetings & Events Berlin-Mitte","twitter_description":"Registered address, conference rooms & event spaces at Alexanderplatz. From \u20ac39\/month.","twitter_image":"https:\/\/p7globaloffice.berlin\/wp-content\/uploads\/2025\/11\/bannerbild-1024x683.jpg","twitter_misc":{"Est. reading time":"2 minutes"},"schema":{"@context":"https:\/\/schema.org","@graph":[{"@type":"WebPage","@id":"https:\/\/p7globaloffice.berlin\/en\/","url":"https:\/\/p7globaloffice.berlin\/en\/","name":"Business Address, Meeting Rooms & Events Berlin-Mitte | P7","isPartOf":{"@id":"https:\/\/p7globaloffice.berlin\/en\/#website"},"primaryImageOfPage":{"@id":"https:\/\/p7globaloffice.berlin\/en\/#primaryimage"},"image":{"@id":"https:\/\/p7globaloffice.berlin\/en\/#primaryimage"},"thumbnailUrl":"https:\/\/p7globaloffice.berlin\/wp-content\/uploads\/2025\/11\/bannerbild.jpg","datePublished":"2025-10-20T19:09:46+00:00","dateModified":"2026-04-28T10:52:08+00:00","description":"Representative business address, modern meeting rooms and stylish event spaces in Berlin-Mitte \u2013 just minutes from Alexanderplatz. From \u20ac39\/month.","breadcrumb":{"@id":"https:\/\/p7globaloffice.berlin\/en\/#breadcrumb"},"inLanguage":"en-US","potentialAction":[{"@type":"ReadAction","target":["https:\/\/p7globaloffice.berlin\/en\/"]}]},{"@type":"ImageObject","inLanguage":"en-US","@id":"https:\/\/p7globaloffice.berlin\/en\/#primaryimage","url":"https:\/\/p7globaloffice.berlin\/wp-content\/uploads\/2025\/11\/bannerbild.jpg","contentUrl":"https:\/\/p7globaloffice.berlin\/wp-content\/uploads\/2025\/11\/bannerbild.jpg"},{"@type":"BreadcrumbList","@id":"https:\/\/p7globaloffice.berlin\/en\/#breadcrumb","itemListElement":[{"@type":"ListItem","position":1,"name":"Start","item":"https:\/\/p7globaloffice.berlin\/en\/"},{"@type":"ListItem","position":2,"name":"Home"}]},{"@type":"WebSite","@id":"https:\/\/p7globaloffice.berlin\/en\/#website","url":"https:\/\/p7globaloffice.berlin\/en\/","name":"P7 Global Office Berlin","description":"","potentialAction":[{"@type":"SearchAction","target":{"@type":"EntryPoint","urlTemplate":"https:\/\/p7globaloffice.berlin\/en\/?s={search_term_string}"},"query-input":{"@type":"PropertyValueSpecification","valueRequired":true,"valueName":"search_term_string"}}],"inLanguage":"en-US"}]}},"_links":{"self":[{"href":"https:\/\/p7globaloffice.berlin\/en\/wp-json\/wp\/v2\/pages\/1575","targetHints":{"allow":["GET"]}}],"collection":[{"href":"https:\/\/p7globaloffice.berlin\/en\/wp-json\/wp\/v2\/pages"}],"about":[{"href":"https:\/\/p7globaloffice.berlin\/en\/wp-json\/wp\/v2\/types\/page"}],"author":[{"embeddable":true,"href":"https:\/\/p7globaloffice.berlin\/en\/wp-json\/wp\/v2\/users\/1"}],"replies":[{"embeddable":true,"href":"https:\/\/p7globaloffice.berlin\/en\/wp-json\/wp\/v2\/comments?post=1575"}],"version-history":[{"count":16,"href":"https:\/\/p7globaloffice.berlin\/en\/wp-json\/wp\/v2\/pages\/1575\/revisions"}],"predecessor-version":[{"id":1690,"href":"https:\/\/p7globaloffice.berlin\/en\/wp-json\/wp\/v2\/pages\/1575\/revisions\/1690"}],"wp:attachment":[{"href":"https:\/\/p7globaloffice.berlin\/en\/wp-json\/wp\/v2\/media?parent=1575"}],"curies":[{"name":"wp","href":"https:\/\/api.w.org\/{rel}","templated":true}]}}